{"id":4157,"date":"2021-06-09T16:34:54","date_gmt":"2021-06-09T14:34:54","guid":{"rendered":"https:\/\/www.chancenland.at\/?page_id=4157"},"modified":"2021-07-23T10:02:21","modified_gmt":"2021-07-23T08:02:21","slug":"the-translation-testpage","status":"publish","type":"page","link":"https:\/\/www.chancenland.at\/en\/the-translation-testpage\/","title":{"rendered":"the translation test page"},"content":{"rendered":"<p>[vc_row][vc_column]<div class=\"header_module_container    \">\n\t<div class=\"header_module_image_container hmic-small\">\n\t  \t\t\t<div class=\"header_module_image header_module_image-145502276169f38a8a460ad\"\n\t\t\trole=\"img\"\n\t\t\taria-label=\"Pratkikumsstelle Technik \u00d6sterreich\" \n\t\t\ttitle=\"Pratkikumsstelle Technik \u00d6sterreich\">\n\n\t\t\t\t\t\t\t\t\t\t\t\t\t\t\t<\/div>\n\t\t\t<\/div>\n\t\t\t\t  \t\t<style type=\"text\/css\">\n\n\t.js .header_module_image-145502276169f38a8a460ad {\n\t  background-image: none;\n\t}\n\t\/* WebP supported *\/\n\t.js.webp .header_module_image-145502276169f38a8a460ad {\t\n\t  \t \t\n\t  \t\t\t\t\t\tbackground-image: url('https:\/\/www.chancenland.at\/app\/uploads\/2021\/04\/peter-neumann-Sk8qjuzvm9c-unsplash-scaled-1120x0-c-default.jpg.webp');\n\t  \t\t\t  \t\t  \t\t  \t\t@media screen and (max-width: 768px) {\n\t  \t\t\t\t\t\t\t\t \t\n\t\t\t\t  \t\t\t\t\t\t\t\t\tbackground-image: url('https:\/\/www.chancenland.at\/app\/uploads\/2021\/04\/peter-neumann-Sk8qjuzvm9c-unsplash-scaled-768x0-c-default.jpg.webp');\n\t\t\t\t  \t\t\t\t\t\t\t\t  \t\t\t\t  \t\t}\n\t  \t\t}\n\t\/* No JS \/ WebP not supported *\/\n\t.no-js .header_module_image-145502276169f38a8a460ad,\n\t.js.no-webp .header_module_image-145502276169f38a8a460ad {\n\t  \t \t\n\t\t\t\t\t\t\tbackground-image: url('https:\/\/www.chancenland.at\/app\/uploads\/2021\/04\/peter-neumann-Sk8qjuzvm9c-unsplash-scaled-1120x0-c-default.jpg');\n\t\t\t\t  \t\t  \t\t  \t\t@media screen and (max-width: 768px) {\n\t  \t\t\t\t\t\t\t\t \t\n\t\t\t\t  \t\t\t\t\t\t\t\t\tbackground-image: url('https:\/\/www.chancenland.at\/app\/uploads\/2021\/04\/peter-neumann-Sk8qjuzvm9c-unsplash-scaled-768x0-c-default.jpg');\n\t\t\t\t  \t\t\t\t\t\t\t\t  \t\t\t\t  \t\t}\n\t  \t\t  \n\t}\n\t\t\n\t<\/style>\t\t\t\n<\/div>[\/vc_column][\/vc_row][vc_row][vc_column]<div class=\"content_container_row content-container-white ccr-193079112469f38a8a47756   \">\n\t\t\t<div class=\"content_container_inner_row container-narrow\">\n\t\t\t\t<div class=\"title_module_container   tmc-black   \">\n\t<div class=\"title center\">\n\t\t\t\t\t<h1><span class=\"highlight\">Architektur<\/span> in Vorarlberg.<\/h1>\n\t\t\t<\/div>\n\t<\/div><div class=\"spacer_module_container spacer_module_container-112658427169f38a8a475e8   \">\n\t<div class=\"spacer_module\"><\/div>\n\t<style type=\"text\/css\">\n\t\t@media screen and (min-width:1441px) {\n\t\t\t.spacer_module_container-112658427169f38a8a475e8 .spacer_module {\n\t\t\t\theight: 50px;\n\t\t\t}\n\t\t}\n\t\t@media screen and (max-width:1440px) and (min-width:1024px) {\n\t\t\t.spacer_module_container-112658427169f38a8a475e8 .spacer_module {\n\t\t\t\theight: 30px;\n\t\t\t}\n\t\t}\n\t\t@media screen and (max-width:1023px) {\n\t\t\t.spacer_module_container-112658427169f38a8a475e8 .spacer_module {\n\t\t\t\theight: 20px;\n\t\t\t}\n\t\t}\n\t<\/style>\n<\/div>[vc_column_text]Vorarlberg hat weiltweit die h\u00f6chste Dichte an Holzbauten. Erinnert dich Holz vielleicht an alte geschindelte Bauernh\u00e4user? Da liegst du schon richtig, denn in der Region Bregenzerwald gibt es unz\u00e4hlige solcher wundersch\u00f6ner Bauernh\u00e4user. Heute entstehen aus dem Rohstoff Holz moderne Bauwerke in ganz Vorarlberg. Egal in welcher Region in Vorarlberg du unterwegs bist oder sein wirst, es wird einige Geb\u00e4ude geben, bei denen du vielleicht kurz ins Staunen kommst. <a href=\"http:\/\/www.v-a-i.at\/\" target=\"_blank\" rel=\"noopener\">more on this<\/a><\/p>\n<div class=\"first column\">\n<div class=\"content\"><\/div>\n<\/div>\n<p>[\/vc_column_text]\n\t\t\t<\/div>\t\n\t\t\t<\/div>\n \n[\/vc_column][\/vc_row][vc_row][vc_column]<div class=\"content_container_row content-container-white ccr-118768063869f38a8a4b25e   \">\n\t\t\t<div class=\"content_container_inner_row container-mystery\">\n\t\t\t\t<div class=\"shifted_slider shifted-slider-166960479269f38a8a4a2b8  \" data-uniqid=\"166960479269f38a8a4a2b8\" data-slider-delay=\"4\">\n\t<div class=\"swiper-container swiper-container-166960479269f38a8a4a2b8\">\n\t\t<div class=\"swiper-wrapper\">\n\t\t\t\t\t\t\t<div class=\"swiper-slide slide-114346975169f38a8a4a29f\">\n\t\t\t\t\t<div class=\"slide-image first\">\n\t\t\t\t\t\t\t\t\t\t\t<\/div>\n\t\t\t\t\t\t\t\t\t<\/div>\n\t\t\t\t\t\t\t<div class=\"swiper-slide slide-22338548569f38a8a4a2b5\">\n\t\t\t\t\t<div class=\"slide-image first\">\n\t\t\t\t\t\t\t\t\t\t\t<\/div>\n\t\t\t\t\t\t\t\t\t<\/div>\n\t\t\t\t\t<\/div>\n\t<\/div>\n\t<div class=\"swiper-btn prev\"><\/div>\n\t<div class=\"swiper-btn next\"><\/div>\n\t\t\t<style type=\"text\/css\">\n\n\t\t\t.js .slide-114346975169f38a8a4a29f{\n\t\t\t\tbackground-image: none;\n\t\t\t}\n\t\t\t\/* WebP supported *\/\n\t\t\t.js.webp .slide-114346975169f38a8a4a29f .slide-image.first {\n\t\t\t\tbackground-image: url('https:\/\/www.chancenland.at\/app\/uploads\/2021\/04\/02_Zumtobel_Lichtforum_by_AlexandraFolie_2020_01-09-scaled-1920x0-c-default.jpg.webp');\n\t\t\t}\n\t\t\t\t\t\t\/* No JS \/ WebP not supported *\/\n\n\t\t\t.js.no-webp .slide-114346975169f38a8a4a29f .slide-image.first {\n\t\t\t\tbackground-image: url('https:\/\/www.chancenland.at\/app\/uploads\/2021\/04\/02_Zumtobel_Lichtforum_by_AlexandraFolie_2020_01-09-scaled-1920x0-c-default.jpg');\n\t\t\t}\n\t\t\t\t\t<\/style>\n\t\t<noscript>\n\t\t\t<style>\n\t\t\t\t.slide-114346975169f38a8a4a29f .slide-image.first {\n\t\t\t\t\tbackground-image: url('https:\/\/www.chancenland.at\/app\/uploads\/2021\/04\/02_Zumtobel_Lichtforum_by_AlexandraFolie_2020_01-09-scaled-1920x0-c-default.jpg');\n\t\t\t\t}\n\t\t\t\t\t\t\t<\/style>\n\t\t<\/noscript>\n\t\t\t<style type=\"text\/css\">\n\n\t\t\t.js .slide-22338548569f38a8a4a2b5{\n\t\t\t\tbackground-image: none;\n\t\t\t}\n\t\t\t\/* WebP supported *\/\n\t\t\t.js.webp .slide-22338548569f38a8a4a2b5 .slide-image.first {\n\t\t\t\tbackground-image: url('https:\/\/www.chancenland.at\/app\/uploads\/2021\/04\/Gantner_Alexandra_Folie_2020_30MB_68-scaled-1920x0-c-default.jpg.webp');\n\t\t\t}\n\t\t\t\t\t\t\/* No JS \/ WebP not supported *\/\n\n\t\t\t.js.no-webp .slide-22338548569f38a8a4a2b5 .slide-image.first {\n\t\t\t\tbackground-image: url('https:\/\/www.chancenland.at\/app\/uploads\/2021\/04\/Gantner_Alexandra_Folie_2020_30MB_68-scaled-1920x0-c-default.jpg');\n\t\t\t}\n\t\t\t\t\t<\/style>\n\t\t<noscript>\n\t\t\t<style>\n\t\t\t\t.slide-22338548569f38a8a4a2b5 .slide-image.first {\n\t\t\t\t\tbackground-image: url('https:\/\/www.chancenland.at\/app\/uploads\/2021\/04\/Gantner_Alexandra_Folie_2020_30MB_68-scaled-1920x0-c-default.jpg');\n\t\t\t\t}\n\t\t\t\t\t\t\t<\/style>\n\t\t<\/noscript>\n\t<\/div>\n<div class=\"spacer_module_container spacer_module_container-68170632069f38a8a4a9a9   \">\n\t<div class=\"spacer_module\"><\/div>\n\t<style type=\"text\/css\">\n\t\t@media screen and (min-width:1441px) {\n\t\t\t.spacer_module_container-68170632069f38a8a4a9a9 .spacer_module {\n\t\t\t\theight: 28px;\n\t\t\t}\n\t\t}\n\t\t@media screen and (max-width:1440px) and (min-width:1024px) {\n\t\t\t.spacer_module_container-68170632069f38a8a4a9a9 .spacer_module {\n\t\t\t\theight: 28px;\n\t\t\t}\n\t\t}\n\t\t@media screen and (max-width:1023px) {\n\t\t\t.spacer_module_container-68170632069f38a8a4a9a9 .spacer_module {\n\t\t\t\theight: 28px;\n\t\t\t}\n\t\t}\n\t<\/style>\n<\/div><div class=\"shifted_image_text_grid  \">\n\t<div class=\"sitg_image_wrapper\">\n\t\t<div class=\"sitg_image sitg-134300558869f38a8a4acd3\"\n\t\t\t\trole=\"img\"\n\t\t\t\taria-label=\"Maschinenbau Jobs\" \n\t\t\t\ttitle=\"Maschinenbau Jobs\">\n\n\t\t\t\t\t<\/div>\n\t\t\t<\/div>\n\t\t\t<div class=\"sitg_text bottom\">\n\t\t\t<span>Moderne Firmengeb\u00e4ude in Vorarlberg.<\/span>\n\t\t<\/div>\n\t\n\t<style type=\"text\/css\">\n\n\t.js .sitg-134300558869f38a8a4acd3 {\n\t  background-image: none;\n\t}\n\t\/* WebP supported *\/\n\t.js.webp .sitg-134300558869f38a8a4acd3 {\t\n\t  \t \t\n\t  \t\t\t\t\t\tbackground-image: url('https:\/\/www.chancenland.at\/app\/uploads\/2021\/04\/02_BLUM_by_Alexandra_Folie_2020-01-scaled-1800x0-c-default.jpg.webp');\n\t  \t\t\t  \t\t  \t\t  \t\t@media screen and (max-width: 768px) {\n\t  \t\t\t\t\t\t\t\t \t\n\t\t\t\t  \t\t\t\t\t\t\t\t\tbackground-image: url('https:\/\/www.chancenland.at\/app\/uploads\/2021\/04\/02_BLUM_by_Alexandra_Folie_2020-01-scaled-768x0-c-default.jpg.webp');\n\t\t\t\t  \t\t\t\t\t\t\t\t  \t\t\t\t  \t\t}\n\t  \t\t}\n\t\/* No JS \/ WebP not supported *\/\n\t.no-js .sitg-134300558869f38a8a4acd3,\n\t.js.no-webp .sitg-134300558869f38a8a4acd3 {\n\t  \t \t\n\t\t\t\t\t\t\tbackground-image: url('https:\/\/www.chancenland.at\/app\/uploads\/2021\/04\/02_BLUM_by_Alexandra_Folie_2020-01-scaled-1800x0-c-default.jpg');\n\t\t\t\t  \t\t  \t\t  \t\t@media screen and (max-width: 768px) {\n\t  \t\t\t\t\t\t\t\t \t\n\t\t\t\t  \t\t\t\t\t\t\t\t\tbackground-image: url('https:\/\/www.chancenland.at\/app\/uploads\/2021\/04\/02_BLUM_by_Alexandra_Folie_2020-01-scaled-768x0-c-default.jpg');\n\t\t\t\t  \t\t\t\t\t\t\t\t  \t\t\t\t  \t\t}\n\t  \t\t  \n\t}\n\t\t\n\t<\/style>\t<style type=\"text\/css\">\n\n\t.js .sitg-22191393669f38a8a4acd4 {\n\t  background-image: none;\n\t}\n\t\/* WebP supported *\/\n\t.js.webp .sitg-22191393669f38a8a4acd4 {\t\n\t  \t \t\n\t  \t\t\t  \t\t\tbackground-image: url('');\n\t  \t\t\t  \t\t  \t\t  \t\t@media screen and (max-width: 768px) {\n\t  \t\t\t \t\n\t\t\t\t\t \t\n\t\t\t\t  \t\t\t\t\t\t  \t\t\tbackground-image: url('');\n\t\t\t\t  \t\t\t\t\t\t\t\t  \t\t\t\t  \t\t}\n\t  \t\t}\n\t\/* No JS \/ WebP not supported *\/\n\t.no-js .sitg-22191393669f38a8a4acd4,\n\t.js.no-webp .sitg-22191393669f38a8a4acd4 {\n\t  \t \t\n\t\t\t\t\t\t\tbackground-image: url('');\n\t\t\t\t  \t\t  \t\t  \t\t@media screen and (max-width: 768px) {\n\t  \t\t\t \t\n\t\t\t\t\t \t\n\t\t\t\t  \t\t\t\t\t\t  \t\t\tbackground-image: url('');\n\t\t\t\t  \t\t\t\t\t\t\t\t  \t\t\t\t  \t\t}\n\t  \t\t  \n\t}\n\t\t\n\t<\/style><\/div>\n\n\t\t\t<\/div>\t\n\t\t\t<\/div>\n \n[\/vc_column][\/vc_row][vc_row][vc_column]<div class=\"content_container_row content-container-white ccr-74265928369f38a8a520d1   \">\n\t\t\t<div class=\"content_container_inner_row container-full\">\n\t\t\t\t<div class=\"title_module_container   tmc-black   \">\n\t<div class=\"title center\">\n\t\t\t\t\t<h3>Weitere Blogbeitr\u00e4ge<\/h3>\n\t\t\t<\/div>\n\t<\/div><div class=\"news_teaser_unfiltered_container   show_title\" \n\tdata-offset=\"4\" \n\tdata-cat=\"26\" \n\tdata-uniqid=\"28153793669f38a8a5127d\" \n\tdata-ajaxurl=\"https:\/\/www.chancenland.at\/app\/themes\/chv\/src\/ajax\/newsItems.php\" \n\tdata-count=\"4\" \n\tdata-defcount=\"4\"\n\tdata-language=\"en\"\n\tdata-post-id=\"4157\"\n>\n\t<div class=\"news_teaser_wrapper\">\n\t\t<div class=\"news_teaser_container\">\n\t\t\t\t\t\t\t<div class=\"news_item_teaser\">\n\t<a href=\"https:\/\/www.chancenland.at\/en\/news\/grosse-idee-auf-kleinem-raum-copy\/\">\n\t\t<span class=\"nit_image \">\n\t\t\t<div class=\"niti niti-77693244469f38a8a51015\"\n\t\t\t\trole=\"img\"\n\t\t\t\taria-label=\"(c) Markus Gmeiner\" \n\t\t\t\ttitle=\"(c) Markus Gmeiner\">\n\n\t\t\t\t\t\t\t\t\t<div class=\"nit_overlay\">\n\t\t\t\t\t\t<p>37 square meters made of recycled wood and featuring large windows \u2013 this is Christian Leidinger's answer to the question of affordable housing.<\/p>\n\t\t\t\t\t<\/div>\n\t\t\t\t\t\t\t<\/div>\n\t\t<\/span>\n\t\t<span class=\"nit_text\">\n\t\t\tBig Idea in a Small Space\n\t\t<\/span>\n\t<\/a>\n\t<style type=\"text\/css\">\n\n\t.js .niti-77693244469f38a8a51015 {\n\t  background-image: none;\n\t}\n\t\/* WebP supported *\/\n\t.js.webp .niti-77693244469f38a8a51015 {\t\n\t  \t\t  \t\t\t\t\t\tbackground-image: url('https:\/\/www.chancenland.at\/app\/uploads\/2023\/06\/Thema-Vorarlberg_202306_DIEKOJE_Christian-Leidinger_cMarkus-Gmeiner-459x459-c-default.jpg.webp');\n\t  \t\t\t\t\t  \t\t  \t\t@media screen and (max-width: 768px) {\n\t  \t\t\t \t\n\t\t\t\t\t\t\t\t\t  \t\t\t\t\t\t\t\t\tbackground-image: url('https:\/\/www.chancenland.at\/app\/uploads\/2023\/06\/Thema-Vorarlberg_202306_DIEKOJE_Christian-Leidinger_cMarkus-Gmeiner-768x768-c-default.jpg.webp');\n\t\t\t\t  \t\t\t\t\t\t\t\t  \t\t\t\t  \t\t}\n\t  \t\t}\n\t\/* No JS \/ WebP not supported *\/\n\t.no-js .niti-77693244469f38a8a51015,\n\t.js.no-webp .niti-77693244469f38a8a51015 {\n\t  \t\t  \t\t\t\t\t\t\tbackground-image: url('https:\/\/www.chancenland.at\/app\/uploads\/2023\/06\/Thema-Vorarlberg_202306_DIEKOJE_Christian-Leidinger_cMarkus-Gmeiner-459x459-c-default.jpg');\n\t  \t\t\t\t\n\t\t\t  \t\t  \t\t@media screen and (max-width: 768px) {\n\t  \t\t\t \t\n\t\t\t\t\t\t\t\t\t  \t\t\t\t\t\t\t\t\tbackground-image: url('https:\/\/www.chancenland.at\/app\/uploads\/2023\/06\/Thema-Vorarlberg_202306_DIEKOJE_Christian-Leidinger_cMarkus-Gmeiner-768x768-c-default.jpg');\n\t\t\t\t  \t\t\t\t\t\t\t\t  \t\t\t\t  \t\t}\n\t  \t\t  \n\t}\n\t\t\n\t<\/style><\/div>\t\t\t\t\t\t\t<div class=\"news_item_teaser\">\n\t<a href=\"https:\/\/www.chancenland.at\/en\/news\/skyspace-lech\/\">\n\t\t<span class=\"nit_image \">\n\t\t\t<div class=\"niti niti-79823810669f38a8a510bf\"\n\t\t\t\trole=\"img\"\n\t\t\t\taria-label=\"oliver-hd-9vcAuvVWVE4-unsplash\" \n\t\t\t\ttitle=\"oliver-hd-9vcAuvVWVE4-unsplash\">\n\n\t\t\t\t\t\t\t\t\t<div class=\"nit_overlay\">\n\t\t\t\t\t\t<p>The Skyspace in Lech was designed by the US-American artist James Turrell.<\/p>\n\t\t\t\t\t<\/div>\n\t\t\t\t\t\t\t<\/div>\n\t\t<\/span>\n\t\t<span class=\"nit_text\">\n\t\t\tSkyspace Lech\n\t\t<\/span>\n\t<\/a>\n\t<style type=\"text\/css\">\n\n\t.js .niti-79823810669f38a8a510bf {\n\t  background-image: none;\n\t}\n\t\/* WebP supported *\/\n\t.js.webp .niti-79823810669f38a8a510bf {\t\n\t  \t\t  \t\t\t\t\t\tbackground-image: url('https:\/\/www.chancenland.at\/app\/uploads\/2023\/04\/oliver-hd-9vcAuvVWVE4-unsplash-scaled-459x459-c-default.jpg.webp');\n\t  \t\t\t\t\t  \t\t  \t\t@media screen and (max-width: 768px) {\n\t  \t\t\t \t\n\t\t\t\t\t\t\t\t\t  \t\t\t\t\t\t\t\t\tbackground-image: url('https:\/\/www.chancenland.at\/app\/uploads\/2023\/04\/oliver-hd-9vcAuvVWVE4-unsplash-scaled-768x768-c-default.jpg.webp');\n\t\t\t\t  \t\t\t\t\t\t\t\t  \t\t\t\t  \t\t}\n\t  \t\t}\n\t\/* No JS \/ WebP not supported *\/\n\t.no-js .niti-79823810669f38a8a510bf,\n\t.js.no-webp .niti-79823810669f38a8a510bf {\n\t  \t\t  \t\t\t\t\t\t\tbackground-image: url('https:\/\/www.chancenland.at\/app\/uploads\/2023\/04\/oliver-hd-9vcAuvVWVE4-unsplash-scaled-459x459-c-default.jpg');\n\t  \t\t\t\t\n\t\t\t  \t\t  \t\t@media screen and (max-width: 768px) {\n\t  \t\t\t \t\n\t\t\t\t\t\t\t\t\t  \t\t\t\t\t\t\t\t\tbackground-image: url('https:\/\/www.chancenland.at\/app\/uploads\/2023\/04\/oliver-hd-9vcAuvVWVE4-unsplash-scaled-768x768-c-default.jpg');\n\t\t\t\t  \t\t\t\t\t\t\t\t  \t\t\t\t  \t\t}\n\t  \t\t  \n\t}\n\t\t\n\t<\/style><\/div>\t\t\t\t\t\t\t<div class=\"news_item_teaser\">\n\t<a href=\"https:\/\/www.chancenland.at\/en\/news\/vorarlberg-museum\/\">\n\t\t<span class=\"nit_image \">\n\t\t\t<div class=\"niti niti-130460216369f38a8a51158\"\n\t\t\t\trole=\"img\"\n\t\t\t\taria-label=\"VR_LED_WAND_Marilena\" \n\t\t\t\ttitle=\"VR_LED_WAND_Marilena\">\n\n\t\t\t\t\t\t\t\t\t<div class=\"nit_overlay\">\n\t\t\t\t\t\t<p>The vorarlberg museum was planned by Bregenz architects Andreas Cukrowicz and Anton Nachbaur-Sturm.<\/p>\n\t\t\t\t\t<\/div>\n\t\t\t\t\t\t\t<\/div>\n\t\t<\/span>\n\t\t<span class=\"nit_text\">\n\t\t\tvorarlberg museum\n\t\t<\/span>\n\t<\/a>\n\t<style type=\"text\/css\">\n\n\t.js .niti-130460216369f38a8a51158 {\n\t  background-image: none;\n\t}\n\t\/* WebP supported *\/\n\t.js.webp .niti-130460216369f38a8a51158 {\t\n\t  \t\t  \t\t\t\t\t\tbackground-image: url('https:\/\/www.chancenland.at\/app\/uploads\/2023\/04\/VR_LED_WAND_Marilena-scaled-459x459-c-default.jpg.webp');\n\t  \t\t\t\t\t  \t\t  \t\t@media screen and (max-width: 768px) {\n\t  \t\t\t \t\n\t\t\t\t\t\t\t\t\t  \t\t\t\t\t\t\t\t\tbackground-image: url('https:\/\/www.chancenland.at\/app\/uploads\/2023\/04\/VR_LED_WAND_Marilena-scaled-768x768-c-default.jpg.webp');\n\t\t\t\t  \t\t\t\t\t\t\t\t  \t\t\t\t  \t\t}\n\t  \t\t}\n\t\/* No JS \/ WebP not supported *\/\n\t.no-js .niti-130460216369f38a8a51158,\n\t.js.no-webp .niti-130460216369f38a8a51158 {\n\t  \t\t  \t\t\t\t\t\t\tbackground-image: url('https:\/\/www.chancenland.at\/app\/uploads\/2023\/04\/VR_LED_WAND_Marilena-scaled-459x459-c-default.jpg');\n\t  \t\t\t\t\n\t\t\t  \t\t  \t\t@media screen and (max-width: 768px) {\n\t  \t\t\t \t\n\t\t\t\t\t\t\t\t\t  \t\t\t\t\t\t\t\t\tbackground-image: url('https:\/\/www.chancenland.at\/app\/uploads\/2023\/04\/VR_LED_WAND_Marilena-scaled-768x768-c-default.jpg');\n\t\t\t\t  \t\t\t\t\t\t\t\t  \t\t\t\t  \t\t}\n\t  \t\t  \n\t}\n\t\t\n\t<\/style><\/div>\t\t\t\t\t\t\t<div class=\"news_item_teaser\">\n\t<a href=\"https:\/\/www.chancenland.at\/en\/news\/kunstfestival-lichtstadt-feldkirch-jaehrlich-im-oktober\/\">\n\t\t<span class=\"nit_image \">\n\t\t\t<div class=\"niti niti-89616373969f38a8a511f5\"\n\t\t\t\trole=\"img\"\n\t\t\t\taria-label=\"fidel-fernando-249DzAuJTqQ-unsplash\" \n\t\t\t\ttitle=\"fidel-fernando-249DzAuJTqQ-unsplash\">\n\n\t\t\t\t\t\t\t\t\t<div class=\"nit_overlay\">\n\t\t\t\t\t\t<p>The Light Art Festival brings international artists to Feldkirch's old town every October.<\/p>\n\t\t\t\t\t<\/div>\n\t\t\t\t\t\t\t<\/div>\n\t\t<\/span>\n\t\t<span class=\"nit_text\">\n\t\t\tArt festival Lichtstadt Feldkirch | annualy in october\n\t\t<\/span>\n\t<\/a>\n\t<style type=\"text\/css\">\n\n\t.js .niti-89616373969f38a8a511f5 {\n\t  background-image: none;\n\t}\n\t\/* WebP supported *\/\n\t.js.webp .niti-89616373969f38a8a511f5 {\t\n\t  \t\t  \t\t\t\t\t\tbackground-image: url('https:\/\/www.chancenland.at\/app\/uploads\/2021\/11\/fidel-fernando-249DzAuJTqQ-unsplash-scaled-459x459-c-default.jpg.webp');\n\t  \t\t\t\t\t  \t\t  \t\t@media screen and (max-width: 768px) {\n\t  \t\t\t \t\n\t\t\t\t\t\t\t\t\t  \t\t\t\t\t\t\t\t\tbackground-image: url('https:\/\/www.chancenland.at\/app\/uploads\/2021\/11\/fidel-fernando-249DzAuJTqQ-unsplash-scaled-768x768-c-default.jpg.webp');\n\t\t\t\t  \t\t\t\t\t\t\t\t  \t\t\t\t  \t\t}\n\t  \t\t}\n\t\/* No JS \/ WebP not supported *\/\n\t.no-js .niti-89616373969f38a8a511f5,\n\t.js.no-webp .niti-89616373969f38a8a511f5 {\n\t  \t\t  \t\t\t\t\t\t\tbackground-image: url('https:\/\/www.chancenland.at\/app\/uploads\/2021\/11\/fidel-fernando-249DzAuJTqQ-unsplash-scaled-459x459-c-default.jpg');\n\t  \t\t\t\t\n\t\t\t  \t\t  \t\t@media screen and (max-width: 768px) {\n\t  \t\t\t \t\n\t\t\t\t\t\t\t\t\t  \t\t\t\t\t\t\t\t\tbackground-image: url('https:\/\/www.chancenland.at\/app\/uploads\/2021\/11\/fidel-fernando-249DzAuJTqQ-unsplash-scaled-768x768-c-default.jpg');\n\t\t\t\t  \t\t\t\t\t\t\t\t  \t\t\t\t  \t\t}\n\t  \t\t  \n\t}\n\t\t\n\t<\/style><\/div>\t\t\t\t\t<\/div>\n\t\t<div class=\"ntw_spinner\">\n\t\t\t<div class=\"spinner\">\n\t\t\t\t<div class=\"loader\"><\/div>\n\t\t\t<\/div>\n\t\t<\/div>\n\t\t<div class=\"news_teaser_showmore_wrapper\">\n\t\t\t\t\t\t\t<button class=\"ntsw_showmore\" data-action=\"load_more\">read more<\/button>\n\t\t\t\t\t<\/div>\n\t<\/div>\n<\/div>\n\t\t\t<\/div>\t\n\t\t\t<\/div>\n \n[\/vc_column][\/vc_row][vc_row][vc_column]<div class=\"content_container_row content-container-white ccr-151361581369f38a8a52a91   \">\n\t\t\t<div class=\"content_container_inner_row container-narrow\">\n\t\t\t\t<div class=\"title_module_container   tmc-black   \">\n\t<div class=\"title center\">\n\t\t\t\t\t<h1>Also interested in<br \/>\n<span class=\"highlight\">art &amp; culture<\/span>?<\/h1>\n\t\t\t<\/div>\n\t<\/div>[vc_column_text]Vorarlbergs Kunst- und Kulturszene. Sie ist kreativ und vielf\u00e4ltig. Und modern. <a href=\"https:\/\/www.chancenland.at\/kunstkultur\/\">more on this<\/a>[\/vc_column_text]\n\t\t\t<\/div>\t\n\t\t\t<\/div>\n \n[\/vc_column][\/vc_row][vc_row][vc_column]<div class=\"content_container_row content-container-white ccr-196688200869f38a8a57617   \">\n\t\t\t<div class=\"content_container_inner_row container-full\">\n\t\t\t\t<div class=\"news_teaser_unfiltered_container   show_title\" \n\tdata-offset=\"4\" \n\tdata-cat=\"27\" \n\tdata-uniqid=\"168670084969f38a8a567d5\" \n\tdata-ajaxurl=\"https:\/\/www.chancenland.at\/app\/themes\/chv\/src\/ajax\/newsItems.php\" \n\tdata-count=\"4\" \n\tdata-defcount=\"4\"\n\tdata-language=\"en\"\n\tdata-post-id=\"4157\"\n>\n\t<div class=\"news_teaser_wrapper\">\n\t\t<div class=\"news_teaser_container\">\n\t\t\t\t\t\t\t<div class=\"news_item_teaser\">\n\t<a href=\"https:\/\/www.chancenland.at\/en\/news\/vorarlberg-museum\/\">\n\t\t<span class=\"nit_image \">\n\t\t\t<div class=\"niti niti-187256164369f38a8a56552\"\n\t\t\t\trole=\"img\"\n\t\t\t\taria-label=\"VR_LED_WAND_Marilena\" \n\t\t\t\ttitle=\"VR_LED_WAND_Marilena\">\n\n\t\t\t\t\t\t\t\t\t<div class=\"nit_overlay\">\n\t\t\t\t\t\t<p>The vorarlberg museum was planned by Bregenz architects Andreas Cukrowicz and Anton Nachbaur-Sturm.<\/p>\n\t\t\t\t\t<\/div>\n\t\t\t\t\t\t\t<\/div>\n\t\t<\/span>\n\t\t<span class=\"nit_text\">\n\t\t\tvorarlberg museum\n\t\t<\/span>\n\t<\/a>\n\t<style type=\"text\/css\">\n\n\t.js .niti-187256164369f38a8a56552 {\n\t  background-image: none;\n\t}\n\t\/* WebP supported *\/\n\t.js.webp .niti-187256164369f38a8a56552 {\t\n\t  \t\t  \t\t\t\t\t\tbackground-image: url('https:\/\/www.chancenland.at\/app\/uploads\/2023\/04\/VR_LED_WAND_Marilena-scaled-459x459-c-default.jpg.webp');\n\t  \t\t\t\t\t  \t\t  \t\t@media screen and (max-width: 768px) {\n\t  \t\t\t \t\n\t\t\t\t\t\t\t\t\t  \t\t\t\t\t\t\t\t\tbackground-image: url('https:\/\/www.chancenland.at\/app\/uploads\/2023\/04\/VR_LED_WAND_Marilena-scaled-768x768-c-default.jpg.webp');\n\t\t\t\t  \t\t\t\t\t\t\t\t  \t\t\t\t  \t\t}\n\t  \t\t}\n\t\/* No JS \/ WebP not supported *\/\n\t.no-js .niti-187256164369f38a8a56552,\n\t.js.no-webp .niti-187256164369f38a8a56552 {\n\t  \t\t  \t\t\t\t\t\t\tbackground-image: url('https:\/\/www.chancenland.at\/app\/uploads\/2023\/04\/VR_LED_WAND_Marilena-scaled-459x459-c-default.jpg');\n\t  \t\t\t\t\n\t\t\t  \t\t  \t\t@media screen and (max-width: 768px) {\n\t  \t\t\t \t\n\t\t\t\t\t\t\t\t\t  \t\t\t\t\t\t\t\t\tbackground-image: url('https:\/\/www.chancenland.at\/app\/uploads\/2023\/04\/VR_LED_WAND_Marilena-scaled-768x768-c-default.jpg');\n\t\t\t\t  \t\t\t\t\t\t\t\t  \t\t\t\t  \t\t}\n\t  \t\t  \n\t}\n\t\t\n\t<\/style><\/div>\t\t\t\t\t\t\t<div class=\"news_item_teaser\">\n\t<a href=\"https:\/\/www.chancenland.at\/en\/news\/kunstfestival-lichtstadt-feldkirch-jaehrlich-im-oktober\/\">\n\t\t<span class=\"nit_image \">\n\t\t\t<div class=\"niti niti-29939797669f38a8a56607\"\n\t\t\t\trole=\"img\"\n\t\t\t\taria-label=\"fidel-fernando-249DzAuJTqQ-unsplash\" \n\t\t\t\ttitle=\"fidel-fernando-249DzAuJTqQ-unsplash\">\n\n\t\t\t\t\t\t\t\t\t<div class=\"nit_overlay\">\n\t\t\t\t\t\t<p>The Light Art Festival brings international artists to Feldkirch's old town every October.<\/p>\n\t\t\t\t\t<\/div>\n\t\t\t\t\t\t\t<\/div>\n\t\t<\/span>\n\t\t<span class=\"nit_text\">\n\t\t\tArt festival Lichtstadt Feldkirch | annualy in october\n\t\t<\/span>\n\t<\/a>\n\t<style type=\"text\/css\">\n\n\t.js .niti-29939797669f38a8a56607 {\n\t  background-image: none;\n\t}\n\t\/* WebP supported *\/\n\t.js.webp .niti-29939797669f38a8a56607 {\t\n\t  \t\t  \t\t\t\t\t\tbackground-image: url('https:\/\/www.chancenland.at\/app\/uploads\/2021\/11\/fidel-fernando-249DzAuJTqQ-unsplash-scaled-459x459-c-default.jpg.webp');\n\t  \t\t\t\t\t  \t\t  \t\t@media screen and (max-width: 768px) {\n\t  \t\t\t \t\n\t\t\t\t\t\t\t\t\t  \t\t\t\t\t\t\t\t\tbackground-image: url('https:\/\/www.chancenland.at\/app\/uploads\/2021\/11\/fidel-fernando-249DzAuJTqQ-unsplash-scaled-768x768-c-default.jpg.webp');\n\t\t\t\t  \t\t\t\t\t\t\t\t  \t\t\t\t  \t\t}\n\t  \t\t}\n\t\/* No JS \/ WebP not supported *\/\n\t.no-js .niti-29939797669f38a8a56607,\n\t.js.no-webp .niti-29939797669f38a8a56607 {\n\t  \t\t  \t\t\t\t\t\t\tbackground-image: url('https:\/\/www.chancenland.at\/app\/uploads\/2021\/11\/fidel-fernando-249DzAuJTqQ-unsplash-scaled-459x459-c-default.jpg');\n\t  \t\t\t\t\n\t\t\t  \t\t  \t\t@media screen and (max-width: 768px) {\n\t  \t\t\t \t\n\t\t\t\t\t\t\t\t\t  \t\t\t\t\t\t\t\t\tbackground-image: url('https:\/\/www.chancenland.at\/app\/uploads\/2021\/11\/fidel-fernando-249DzAuJTqQ-unsplash-scaled-768x768-c-default.jpg');\n\t\t\t\t  \t\t\t\t\t\t\t\t  \t\t\t\t  \t\t}\n\t  \t\t  \n\t}\n\t\t\n\t<\/style><\/div>\t\t\t\t\t\t\t<div class=\"news_item_teaser\">\n\t<a href=\"https:\/\/www.chancenland.at\/en\/news\/the-gustav-fair-design-pleasure-culture-annually-in-october\/\">\n\t\t<span class=\"nit_image \">\n\t\t\t<div class=\"niti niti-101822020469f38a8a566a9\"\n\t\t\t\trole=\"img\"\n\t\t\t\taria-label=\"Messe Dornbirn_GUSTAV_\u00a9 Udo Mittelberger\" \n\t\t\t\ttitle=\"Messe Dornbirn_GUSTAV_\u00a9 Udo Mittelberger\">\n\n\t\t\t\t\t\t\t\t\t<div class=\"nit_overlay\">\n\t\t\t\t\t\t<p>Gustav is an international trade fair for design and gourmet culture that takes place annually at the Messequartier in Dornbirn.<\/p>\n\t\t\t\t\t<\/div>\n\t\t\t\t\t\t\t<\/div>\n\t\t<\/span>\n\t\t<span class=\"nit_text\">\n\t\t\tThe Gustav Fair | Design & Pleasure Culture | annually in October\n\t\t<\/span>\n\t<\/a>\n\t<style type=\"text\/css\">\n\n\t.js .niti-101822020469f38a8a566a9 {\n\t  background-image: none;\n\t}\n\t\/* WebP supported *\/\n\t.js.webp .niti-101822020469f38a8a566a9 {\t\n\t  \t\t  \t\t\t\t\t\tbackground-image: url('https:\/\/www.chancenland.at\/app\/uploads\/2023\/03\/GUSTAV-2022-\u00ae-Udo-Mittelberger-77-scaled-459x459-c-default.jpg.webp');\n\t  \t\t\t\t\t  \t\t  \t\t@media screen and (max-width: 768px) {\n\t  \t\t\t \t\n\t\t\t\t\t\t\t\t\t  \t\t\t\t\t\t\t\t\tbackground-image: url('https:\/\/www.chancenland.at\/app\/uploads\/2023\/03\/GUSTAV-2022-\u00ae-Udo-Mittelberger-77-scaled-768x768-c-default.jpg.webp');\n\t\t\t\t  \t\t\t\t\t\t\t\t  \t\t\t\t  \t\t}\n\t  \t\t}\n\t\/* No JS \/ WebP not supported *\/\n\t.no-js .niti-101822020469f38a8a566a9,\n\t.js.no-webp .niti-101822020469f38a8a566a9 {\n\t  \t\t  \t\t\t\t\t\t\tbackground-image: url('https:\/\/www.chancenland.at\/app\/uploads\/2023\/03\/GUSTAV-2022-\u00ae-Udo-Mittelberger-77-scaled-459x459-c-default.jpg');\n\t  \t\t\t\t\n\t\t\t  \t\t  \t\t@media screen and (max-width: 768px) {\n\t  \t\t\t \t\n\t\t\t\t\t\t\t\t\t  \t\t\t\t\t\t\t\t\tbackground-image: url('https:\/\/www.chancenland.at\/app\/uploads\/2023\/03\/GUSTAV-2022-\u00ae-Udo-Mittelberger-77-scaled-768x768-c-default.jpg');\n\t\t\t\t  \t\t\t\t\t\t\t\t  \t\t\t\t  \t\t}\n\t  \t\t  \n\t}\n\t\t\n\t<\/style><\/div>\t\t\t\t\t\t\t<div class=\"news_item_teaser\">\n\t<a href=\"https:\/\/www.chancenland.at\/en\/news\/freudenhaus-mobiles-theaterzelt\/\">\n\t\t<span class=\"nit_image \">\n\t\t\t<div class=\"niti niti-209196462669f38a8a5673e\"\n\t\t\t\trole=\"img\"\n\t\t\t\taria-label=\"artis-kancs-ipz0qgfWvLM-unsplash\" \n\t\t\t\ttitle=\"artis-kancs-ipz0qgfWvLM-unsplash\">\n\n\t\t\t\t\t\t\t\t\t<div class=\"nit_overlay\">\n\t\t\t\t\t\t<p>The Freudenhaus is a mobile theater tent. The Freudenhaus has been around since 2004 and has played at various locations in Vorarlberg.<\/p>\n\t\t\t\t\t<\/div>\n\t\t\t\t\t\t\t<\/div>\n\t\t<\/span>\n\t\t<span class=\"nit_text\">\n\t\t\tFreudenhaus | Mobile Theater Tent\n\t\t<\/span>\n\t<\/a>\n\t<style type=\"text\/css\">\n\n\t.js .niti-209196462669f38a8a5673e {\n\t  background-image: none;\n\t}\n\t\/* WebP supported *\/\n\t.js.webp .niti-209196462669f38a8a5673e {\t\n\t  \t\t  \t\t\t\t\t\tbackground-image: url('https:\/\/www.chancenland.at\/app\/uploads\/2023\/03\/artis-kancs-ipz0qgfWvLM-unsplash-1-scaled-459x459-c-default.jpg.webp');\n\t  \t\t\t\t\t  \t\t  \t\t@media screen and (max-width: 768px) {\n\t  \t\t\t \t\n\t\t\t\t\t\t\t\t\t  \t\t\t\t\t\t\t\t\tbackground-image: url('https:\/\/www.chancenland.at\/app\/uploads\/2023\/03\/artis-kancs-ipz0qgfWvLM-unsplash-1-scaled-768x768-c-default.jpg.webp');\n\t\t\t\t  \t\t\t\t\t\t\t\t  \t\t\t\t  \t\t}\n\t  \t\t}\n\t\/* No JS \/ WebP not supported *\/\n\t.no-js .niti-209196462669f38a8a5673e,\n\t.js.no-webp .niti-209196462669f38a8a5673e {\n\t  \t\t  \t\t\t\t\t\t\tbackground-image: url('https:\/\/www.chancenland.at\/app\/uploads\/2023\/03\/artis-kancs-ipz0qgfWvLM-unsplash-1-scaled-459x459-c-default.jpg');\n\t  \t\t\t\t\n\t\t\t  \t\t  \t\t@media screen and (max-width: 768px) {\n\t  \t\t\t \t\n\t\t\t\t\t\t\t\t\t  \t\t\t\t\t\t\t\t\tbackground-image: url('https:\/\/www.chancenland.at\/app\/uploads\/2023\/03\/artis-kancs-ipz0qgfWvLM-unsplash-1-scaled-768x768-c-default.jpg');\n\t\t\t\t  \t\t\t\t\t\t\t\t  \t\t\t\t  \t\t}\n\t  \t\t  \n\t}\n\t\t\n\t<\/style><\/div>\t\t\t\t\t<\/div>\n\t\t<div class=\"ntw_spinner\">\n\t\t\t<div class=\"spinner\">\n\t\t\t\t<div class=\"loader\"><\/div>\n\t\t\t<\/div>\n\t\t<\/div>\n\t\t<div class=\"news_teaser_showmore_wrapper\">\n\t\t\t\t\t\t\t<span class=\"ntsw_showmore\" data-action=\"link\"><a href=\"https:\/\/www.chancenland.at\/kunstkultur\/\">read more<\/a><\/span>\n\t\t\t\t\t<\/div>\n\t<\/div>\n<\/div>\n\t\t\t<\/div>\t\n\t\t\t<\/div>\n \n[\/vc_column][\/vc_row][vc_row][vc_column]<div class=\"content_container_row content-container-black ccr-149118517569f38a8a5874d   \">\n\t\t\t<div class=\"content_container_inner_row container-narrow\">\n\t\t\t\t<div class=\"title_module_container   tmc-white   \">\n\t<div class=\"title center\">\n\t\t\t\t\t<h4>Bleib up to date!<\/h4>\n\t\t\t<\/div>\n\t\t\t<div class=\"subtitle center\">\n\t\t\tVerpasse keine Events.\n\t\t<\/div>\n\t<\/div><div class=\"newsletter_quick_signup_container\" data-full-form-url=\"https:\/\/www.chancenland.at\/en\/newsletter-subsription\/\">\n\t<div class=\"newsletter_quick_signup_inner\">\n\t\t<div class=\"nqs_form\">\n\t\t\t<div class=\"nsqf_input\">\n\t\t\t\t<input type=\"text\" class=\"nsqfi_input\" placeholder=\"Email Address\">\n\t\t\t<\/div>\n\t\t\t<div class=\"nsqf_gogogo\">\n\t\t\t\t<div class=\"nsqfg_arrow\"><\/div>\n\t\t\t<\/div>\n\t\t<\/div>\n\t<\/div>\n<\/div>\n\t\t\t<\/div>\t\n\t\t\t<\/div>\n \n[\/vc_column][\/vc_row]<\/p>\n","protected":false},"excerpt":{"rendered":"<p>big Vorarlberg hat weiltweit die h\u00f6chste Dichte an Holzbauten. Erinnert dich Holz vielleicht an &#8230;<\/p>\n","protected":false},"author":1,"featured_media":0,"parent":0,"menu_order":0,"comment_status":"closed","ping_status":"closed","template":"","meta":[],"_links":{"self":[{"href":"https:\/\/www.chancenland.at\/en\/wp-json\/wp\/v2\/pages\/4157"}],"collection":[{"href":"https:\/\/www.chancenland.at\/en\/wp-json\/wp\/v2\/pages"}],"about":[{"href":"https:\/\/www.chancenland.at\/en\/wp-json\/wp\/v2\/types\/page"}],"author":[{"embeddable":true,"href":"https:\/\/www.chancenland.at\/en\/wp-json\/wp\/v2\/users\/1"}],"replies":[{"embeddable":true,"href":"https:\/\/www.chancenland.at\/en\/wp-json\/wp\/v2\/comments?post=4157"}],"version-history":[{"count":4,"href":"https:\/\/www.chancenland.at\/en\/wp-json\/wp\/v2\/pages\/4157\/revisions"}],"predecessor-version":[{"id":5070,"href":"https:\/\/www.chancenland.at\/en\/wp-json\/wp\/v2\/pages\/4157\/revisions\/5070"}],"wp:attachment":[{"href":"https:\/\/www.chancenland.at\/en\/wp-json\/wp\/v2\/media?parent=4157"}],"curies":[{"name":"wp","href":"https:\/\/api.w.org\/{rel}","templated":true}]}}